{"id":2855,"date":"2021-04-20T10:21:19","date_gmt":"2021-04-20T15:21:19","guid":{"rendered":"http:\/\/cdem.flywheelsites.com\/publications\/deux-visionnaires-de-leconomie-de-sainte-agathe\/"},"modified":"2021-04-20T10:39:25","modified_gmt":"2021-04-20T15:39:25","slug":"deux-visionnaires-de-leconomie-de-sainte-agathe","status":"publish","type":"publications","link":"https:\/\/www.cdem.com\/en\/publications\/deux-visionnaires-de-leconomie-de-sainte-agathe\/","title":{"rendered":"DEUX VISIONNAIRES DE L\u2019\u00c9CONOMIE DE SAINTE-AGATHE"},"content":{"rendered":"<p>Initi\u00e9 au d\u00e9but des ann\u00e9es\u00a02000, le projet de parc industriel Riel de Sainte-Agathe entame aujourd\u2019hui sa troisi\u00e8me et derni\u00e8re phase de d\u00e9veloppement. \u00c0 son origine, Jeannot Robert et Shaun Crew, deux r\u00e9sidants qui souhaitent d\u00e9velopper leur village.<\/p>\n<p>L\u2019id\u00e9e na\u00eet il y a 18 ans, au sein de la Corporation de d\u00e9veloppement communautaire (CDC) de Sainte-Agathe, que Jeannot Robert pr\u00e9sidait. \u00ab\u00a0On avait achet\u00e9 60 acres pour cr\u00e9er le parc r\u00e9cr\u00e9atif Cartier. \u00c0 l\u2019oppos\u00e9 de ce terrain, on avait aussi d\u00e9cid\u00e9 d\u2019acheter 120 acres de plus \u00e0 quatre propri\u00e9taires diff\u00e9rents. C\u2019est \u00e0 cet endroit qu\u2019on a eu l\u2019id\u00e9e d\u2019\u00e9tablir le parc industriel Riel.\u00a0\u00bb<\/p>\n<figure id=\"attachment_1673\" aria-describedby=\"caption-attachment-1673\" style=\"width: 800px\" class=\"wp-caption alignnone\"><img fetchpriority=\"high\" decoding=\"async\" class=\"wp-image-1672 size-large\" src=\"https:\/\/cdem.com\/wp-content\/uploads\/\/Ritchot-Robert-Jeannot-1200x766.jpg\" alt=\"Jeannot Robert\" width=\"800\" height=\"511\" srcset=\"https:\/\/www.cdem.com\/wp-content\/uploads\/Ritchot-Robert-Jeannot-1200x766.jpg 1200w, https:\/\/www.cdem.com\/wp-content\/uploads\/Ritchot-Robert-Jeannot-600x383.jpg 600w, https:\/\/www.cdem.com\/wp-content\/uploads\/Ritchot-Robert-Jeannot-768x490.jpg 768w, https:\/\/www.cdem.com\/wp-content\/uploads\/Ritchot-Robert-Jeannot.jpg 1461w\" sizes=\"(max-width: 800px) 100vw, 800px\" \/><figcaption id=\"caption-attachment-1673\" class=\"wp-caption-text\">Jeannot Robert, conseiller pour la municipalit\u00e9 de Ritchot et fier r\u00e9sidnt de Sainte-Agathe<\/figcaption><\/figure>\n<p>Un parc qui devait aider le village \u00e0 d\u00e9velopper son \u00e9conomie, ses services, mais aussi son tissu r\u00e9sidentiel. \u00ab\u00a0\u00c0 l\u2019\u00e9poque, il n\u2019y avait pas beaucoup d\u2019emplois ici. Ste-Agathe Service Centre,\u00a0La Caisse, quelques boutiques et seulement une centaine de maisons. Aujourd\u2019hui il y a 260 maisons de construites. Quatorze lots commerciaux ont \u00e9t\u00e9\u00a0vendus il y a deux ans dans ce parc, et sept entreprises y sont install\u00e9es. Au total, on en attend encore 20 \u00e0 25 quand la troisi\u00e8me phase sera termin\u00e9e.\u00a0\u00bb<\/p>\n<p>Aujourd\u2019hui conseiller pour la municipalit\u00e9 de Ritchot, Jeannot Robert participe \u00e9galement \u00e0 l\u2019\u00e9conomie de son village de naissance avec son entreprise de d\u00e9veloppement r\u00e9sidentiel, ainsi que le garage de r\u00e9paration automobile Ste. Agathe Service Centre qu\u2019il a b\u00e2ti puis l\u00e9gu\u00e9 \u00e0 son fils.<\/p>\n<p>\u00c0 ses c\u00f4t\u00e9s, \u00e0 l\u2019origine du d\u00e9veloppement du parc industriel, Shaun Crew, aujourd\u2019hui pr\u00e9sident du parc industriel Riel. \u00ab\u00a0J\u2019y suis impliqu\u00e9 depuis la naissance du projet. Tout \u00e7a dans le but d\u2019aider \u00e0 d\u00e9velopper notre lieu de vie, Sainte-Agathe et sa communaut\u00e9. Ce parc industriel est le plus gros projet de ces derni\u00e8res ann\u00e9es. Comme pour le parc r\u00e9cr\u00e9atif qui a \u00e9t\u00e9 cr\u00e9\u00e9 de l\u2019autre c\u00f4t\u00e9 de la route, l\u2019id\u00e9e est toujours d\u2019am\u00e9liorer notre qualit\u00e9 de vie en offrant des locaux, des services et des lieux de loisirs aux habitants.\u00a0\u00bb<\/p>\n<figure id=\"attachment_1887\" aria-describedby=\"caption-attachment-1887\" style=\"width: 800px\" class=\"wp-caption alignnone\"><img decoding=\"async\" class=\"wp-image-1887\" src=\"https:\/\/cdem.com\/wp-content\/uploads\/Shaun-Crew-1.jpg\" alt=\"Shaun-Crew\" width=\"800\" height=\"534\" srcset=\"https:\/\/www.cdem.com\/wp-content\/uploads\/Shaun-Crew-1.jpg 1178w, https:\/\/www.cdem.com\/wp-content\/uploads\/Shaun-Crew-1-600x400.jpg 600w, https:\/\/www.cdem.com\/wp-content\/uploads\/Shaun-Crew-1-768x512.jpg 768w\" sizes=\"(max-width: 800px) 100vw, 800px\" \/><figcaption id=\"caption-attachment-1887\" class=\"wp-caption-text\">Shaun Crew, pr\u00e9sident du parc indutriel Riel et pr\u00e9sident-directeur g\u00e9n\u00e9ral de Hemp Oil<\/figcaption><\/figure>\n<p>Un projet qui a d\u00e9j\u00e0 entrain\u00e9 la cr\u00e9ation de nombreux emplois \u00e0 Sainte-Agathe comme l\u2019explique Jeannot Robert. \u00ab\u00a0On a cr\u00e9\u00e9 120 \u00e0 125 emplois depuis le d\u00e9but du projet de parc industriel. On a mis dix ans avant de b\u00e2tir le parc, car il a fallu attirer des entreprises. Mais l\u2019arriv\u00e9e d\u2019Hemp Oil Canada Inc il y a trois ans a tout d\u00e9bloqu\u00e9.\u00a0\u00bb<\/p>\n<p>Reste d\u00e9sormais \u00e0 conclure ce projet qui pourrait en entrainer de nouveaux, au c\u0153ur d\u2019un petit village qui ne manque ind\u00e9niablement pas d\u2019ambition.<\/p>\n","protected":false},"featured_media":1673,"template":"","type-de-publication":[65,64],"class_list":["post-2855","publications","type-publications","status-publish","has-post-thumbnail","hentry","type-de-publication-economic-development","type-de-publication-success-story"],"_links":{"self":[{"href":"https:\/\/www.cdem.com\/en\/wp-json\/wp\/v2\/publications\/2855","targetHints":{"allow":["GET"]}}],"collection":[{"href":"https:\/\/www.cdem.com\/en\/wp-json\/wp\/v2\/publications"}],"about":[{"href":"https:\/\/www.cdem.com\/en\/wp-json\/wp\/v2\/types\/publications"}],"wp:featuredmedia":[{"embeddable":true,"href":"https:\/\/www.cdem.com\/en\/wp-json\/wp\/v2\/media\/1673"}],"wp:attachment":[{"href":"https:\/\/www.cdem.com\/en\/wp-json\/wp\/v2\/media?parent=2855"}],"wp:term":[{"taxonomy":"type-de-publication","embeddable":true,"href":"https:\/\/www.cdem.com\/en\/wp-json\/wp\/v2\/type-de-publication?post=2855"}],"curies":[{"name":"wp","href":"https:\/\/api.w.org\/{rel}","templated":true}]}}